{"id":399,"date":"2023-10-03T15:18:24","date_gmt":"2023-10-03T12:18:24","guid":{"rendered":"https:\/\/ebikespareparts.fi\/?post_type=product&#038;p=399"},"modified":"2026-03-10T15:27:38","modified_gmt":"2026-03-10T13:27:38","slug":"plb00536-bosch-gen-2-vasemman-kammen-akselilla-olevan-laakerin-suojasarja","status":"publish","type":"product","link":"https:\/\/ebikespareparts.fi\/en\/product\/plb00536-bosch-gen-2-vasemman-kammen-akselilla-olevan-laakerin-suojasarja\/","title":{"rendered":"PLB00536 Bosch Gen 2 Left crankshaft bearing cover kit."},"content":{"rendered":"<h2>PLB00536 Bosch Gen 2 Left crankshaft bearing cover kit.<\/h2>\n<p>The left crankshaft bearing should be covered with Bosch Long Life \u201dTacky\u201d grease PLA00918 and then the protective plate is placed over the outer bearing seal. The grease should be checked from time to time depending on riding conditions, your bike cleaning habits, weather conditions, etc.<\/p>","protected":false},"excerpt":{"rendered":"<p>PLB00536 Bosch Gen 2 Vasemman kammen akselilla olevan laakerin suojasarja. Vasemmanpuoleinen kampiakselin laakeri tulee peitt\u00e4\u00e4 Bosch Long Life &#8221;Tacky&#8221; -rasvalla PLA00918 ja sitten suojalevy asetetaan ulomman laakerin tiivisteen p\u00e4\u00e4lle. Rasva tulee tarkistaa aika ajoin riippuen ajo olosuhteista, py\u00f6r\u00e4n puhdistustottumuksistasi, s\u00e4\u00e4olosuhteista jne.<\/p>","protected":false},"featured_media":47488,"comment_status":"open","ping_status":"closed","template":"","meta":{"_acf_changed":false},"product_brand":[],"product_cat":[18],"product_tag":[],"class_list":{"0":"post-399","1":"product","2":"type-product","3":"status-publish","4":"has-post-thumbnail","6":"product_cat-bosch-gen-2","8":"first","9":"instock","10":"taxable","11":"shipping-taxable","12":"purchasable","13":"product-type-simple"},"acf":[],"yoast_head":"<!-- This site is optimized with the Yoast SEO plugin v27.5 - https:\/\/yoast.com\/product\/yoast-seo-wordpress\/ -->\n<title>PLB00536 Bosch Gen 2 Vasemman kammen akselilla olevan laakerin suojasarja. - Ebikespareparts.fi<\/title>\n<meta name=\"robots\" content=\"index, follow, max-snippet:-1, max-image-preview:large, max-video-preview:-1\" \/>\n<link rel=\"canonical\" href=\"https:\/\/ebikespareparts.fi\/en\/product\/plb00536-bosch-gen-2-vasemman-kammen-akselilla-olevan-laakerin-suojasarja\/\" \/>\n<meta property=\"og:locale\" content=\"en_GB\" \/>\n<meta property=\"og:type\" content=\"article\" \/>\n<meta property=\"og:title\" content=\"PLB00536 Bosch Gen 2 Vasemman kammen akselilla olevan laakerin suojasarja. - Ebikespareparts.fi\" \/>\n<meta property=\"og:description\" content=\"PLB00536 Bosch Gen 2 Vasemman kammen akselilla olevan laakerin suojasarja. Vasemmanpuoleinen kampiakselin laakeri tulee peitt\u00e4\u00e4 Bosch Long Life &#8221;Tacky&#8221; -rasvalla PLA00918 ja sitten suojalevy asetetaan ulomman laakerin tiivisteen p\u00e4\u00e4lle. Rasva tulee tarkistaa aika ajoin riippuen ajo olosuhteista, py\u00f6r\u00e4n puhdistustottumuksistasi, s\u00e4\u00e4olosuhteista jne.\" \/>\n<meta property=\"og:url\" content=\"https:\/\/ebikespareparts.fi\/en\/product\/plb00536-bosch-gen-2-vasemman-kammen-akselilla-olevan-laakerin-suojasarja\/\" \/>\n<meta property=\"og:site_name\" content=\"Ebikespareparts.fi\" \/>\n<meta property=\"article:publisher\" content=\"https:\/\/www.facebook.com\/smhj.fi\" \/>\n<meta property=\"article:modified_time\" content=\"2026-03-10T13:27:38+00:00\" \/>\n<meta property=\"og:image\" content=\"https:\/\/ebikespareparts.fi\/wp-content\/uploads\/2025\/03\/94eym8Ry45XmDN3atg9B1iFVm3NIgNEVICBPz8GAGdsLgbRE87.jpg\" \/>\n\t<meta property=\"og:image:width\" content=\"1000\" \/>\n\t<meta property=\"og:image:height\" content=\"666\" \/>\n\t<meta property=\"og:image:type\" content=\"image\/jpeg\" \/>\n<meta name=\"twitter:card\" content=\"summary_large_image\" \/>\n<script type=\"application\/ld+json\" class=\"yoast-schema-graph\">{\"@context\":\"https:\\\/\\\/schema.org\",\"@graph\":[{\"@type\":\"WebPage\",\"@id\":\"https:\\\/\\\/ebikespareparts.fi\\\/tuote\\\/plb00536-bosch-gen-2-vasemman-kammen-akselilla-olevan-laakerin-suojasarja\\\/\",\"url\":\"https:\\\/\\\/ebikespareparts.fi\\\/tuote\\\/plb00536-bosch-gen-2-vasemman-kammen-akselilla-olevan-laakerin-suojasarja\\\/\",\"name\":\"PLB00536 Bosch Gen 2 Vasemman kammen akselilla olevan laakerin suojasarja. - Ebikespareparts.fi\",\"isPartOf\":{\"@id\":\"https:\\\/\\\/ebikespareparts.fi\\\/#website\"},\"primaryImageOfPage\":{\"@id\":\"https:\\\/\\\/ebikespareparts.fi\\\/tuote\\\/plb00536-bosch-gen-2-vasemman-kammen-akselilla-olevan-laakerin-suojasarja\\\/#primaryimage\"},\"image\":{\"@id\":\"https:\\\/\\\/ebikespareparts.fi\\\/tuote\\\/plb00536-bosch-gen-2-vasemman-kammen-akselilla-olevan-laakerin-suojasarja\\\/#primaryimage\"},\"thumbnailUrl\":\"https:\\\/\\\/ebikespareparts.fi\\\/wp-content\\\/uploads\\\/2025\\\/03\\\/94eym8Ry45XmDN3atg9B1iFVm3NIgNEVICBPz8GAGdsLgbRE87.jpg\",\"datePublished\":\"2023-10-03T12:18:24+00:00\",\"dateModified\":\"2026-03-10T13:27:38+00:00\",\"breadcrumb\":{\"@id\":\"https:\\\/\\\/ebikespareparts.fi\\\/tuote\\\/plb00536-bosch-gen-2-vasemman-kammen-akselilla-olevan-laakerin-suojasarja\\\/#breadcrumb\"},\"inLanguage\":\"en-GB\",\"potentialAction\":[{\"@type\":\"ReadAction\",\"target\":[\"https:\\\/\\\/ebikespareparts.fi\\\/tuote\\\/plb00536-bosch-gen-2-vasemman-kammen-akselilla-olevan-laakerin-suojasarja\\\/\"]}]},{\"@type\":\"ImageObject\",\"inLanguage\":\"en-GB\",\"@id\":\"https:\\\/\\\/ebikespareparts.fi\\\/tuote\\\/plb00536-bosch-gen-2-vasemman-kammen-akselilla-olevan-laakerin-suojasarja\\\/#primaryimage\",\"url\":\"https:\\\/\\\/ebikespareparts.fi\\\/wp-content\\\/uploads\\\/2025\\\/03\\\/94eym8Ry45XmDN3atg9B1iFVm3NIgNEVICBPz8GAGdsLgbRE87.jpg\",\"contentUrl\":\"https:\\\/\\\/ebikespareparts.fi\\\/wp-content\\\/uploads\\\/2025\\\/03\\\/94eym8Ry45XmDN3atg9B1iFVm3NIgNEVICBPz8GAGdsLgbRE87.jpg\",\"width\":1000,\"height\":666,\"caption\":\"94eym8Ry45XmDN3atg9B1iFVm3NIgNEVICBPz8GAGdsLgbRE87\"},{\"@type\":\"BreadcrumbList\",\"@id\":\"https:\\\/\\\/ebikespareparts.fi\\\/tuote\\\/plb00536-bosch-gen-2-vasemman-kammen-akselilla-olevan-laakerin-suojasarja\\\/#breadcrumb\",\"itemListElement\":[{\"@type\":\"ListItem\",\"position\":1,\"name\":\"Etusivu\",\"item\":\"https:\\\/\\\/ebikespareparts.fi\\\/\"},{\"@type\":\"ListItem\",\"position\":2,\"name\":\"Kauppa\",\"item\":\"https:\\\/\\\/ebikespareparts.fi\\\/kauppa\\\/\"},{\"@type\":\"ListItem\",\"position\":3,\"name\":\"PLB00536 Bosch Gen 2 Vasemman kammen akselilla olevan laakerin suojasarja.\"}]},{\"@type\":\"WebSite\",\"@id\":\"https:\\\/\\\/ebikespareparts.fi\\\/#website\",\"url\":\"https:\\\/\\\/ebikespareparts.fi\\\/\",\"name\":\"Ebikespareparts.fi\",\"description\":\"S\u00e4hk\u00f6py\u00f6r\u00e4n osat - E-bike osat - Huolto\",\"publisher\":{\"@id\":\"https:\\\/\\\/ebikespareparts.fi\\\/#organization\"},\"potentialAction\":[{\"@type\":\"SearchAction\",\"target\":{\"@type\":\"EntryPoint\",\"urlTemplate\":\"https:\\\/\\\/ebikespareparts.fi\\\/?s={search_term_string}\"},\"query-input\":{\"@type\":\"PropertyValueSpecification\",\"valueRequired\":true,\"valueName\":\"search_term_string\"}}],\"inLanguage\":\"en-GB\"},{\"@type\":\"Organization\",\"@id\":\"https:\\\/\\\/ebikespareparts.fi\\\/#organization\",\"name\":\"Ebikespareparts.fi\",\"url\":\"https:\\\/\\\/ebikespareparts.fi\\\/\",\"logo\":{\"@type\":\"ImageObject\",\"inLanguage\":\"en-GB\",\"@id\":\"https:\\\/\\\/ebikespareparts.fi\\\/#\\\/schema\\\/logo\\\/image\\\/\",\"url\":\"https:\\\/\\\/ebikespareparts.fi\\\/wp-content\\\/uploads\\\/2024\\\/05\\\/logo-musta-tausta.jpg\",\"contentUrl\":\"https:\\\/\\\/ebikespareparts.fi\\\/wp-content\\\/uploads\\\/2024\\\/05\\\/logo-musta-tausta.jpg\",\"width\":1013,\"height\":950,\"caption\":\"Ebikespareparts.fi\"},\"image\":{\"@id\":\"https:\\\/\\\/ebikespareparts.fi\\\/#\\\/schema\\\/logo\\\/image\\\/\"},\"sameAs\":[\"https:\\\/\\\/www.facebook.com\\\/smhj.fi\"]}]}<\/script>\n<!-- \/ Yoast SEO plugin. -->","yoast_head_json":{"title":"PLB00536 Bosch Gen 2 Vasemman kammen akselilla olevan laakerin suojasarja. - Ebikespareparts.fi","robots":{"index":"index","follow":"follow","max-snippet":"max-snippet:-1","max-image-preview":"max-image-preview:large","max-video-preview":"max-video-preview:-1"},"canonical":"https:\/\/ebikespareparts.fi\/en\/product\/plb00536-bosch-gen-2-vasemman-kammen-akselilla-olevan-laakerin-suojasarja\/","og_locale":"en_GB","og_type":"article","og_title":"PLB00536 Bosch Gen 2 Vasemman kammen akselilla olevan laakerin suojasarja. - Ebikespareparts.fi","og_description":"PLB00536 Bosch Gen 2 Vasemman kammen akselilla olevan laakerin suojasarja. Vasemmanpuoleinen kampiakselin laakeri tulee peitt\u00e4\u00e4 Bosch Long Life &#8221;Tacky&#8221; -rasvalla PLA00918 ja sitten suojalevy asetetaan ulomman laakerin tiivisteen p\u00e4\u00e4lle. Rasva tulee tarkistaa aika ajoin riippuen ajo olosuhteista, py\u00f6r\u00e4n puhdistustottumuksistasi, s\u00e4\u00e4olosuhteista jne.","og_url":"https:\/\/ebikespareparts.fi\/en\/product\/plb00536-bosch-gen-2-vasemman-kammen-akselilla-olevan-laakerin-suojasarja\/","og_site_name":"Ebikespareparts.fi","article_publisher":"https:\/\/www.facebook.com\/smhj.fi","article_modified_time":"2026-03-10T13:27:38+00:00","og_image":[{"width":1000,"height":666,"url":"https:\/\/ebikespareparts.fi\/wp-content\/uploads\/2025\/03\/94eym8Ry45XmDN3atg9B1iFVm3NIgNEVICBPz8GAGdsLgbRE87.jpg","type":"image\/jpeg"}],"twitter_card":"summary_large_image","schema":{"@context":"https:\/\/schema.org","@graph":[{"@type":"WebPage","@id":"https:\/\/ebikespareparts.fi\/tuote\/plb00536-bosch-gen-2-vasemman-kammen-akselilla-olevan-laakerin-suojasarja\/","url":"https:\/\/ebikespareparts.fi\/tuote\/plb00536-bosch-gen-2-vasemman-kammen-akselilla-olevan-laakerin-suojasarja\/","name":"PLB00536 Bosch Gen 2 Vasemman kammen akselilla olevan laakerin suojasarja. - Ebikespareparts.fi","isPartOf":{"@id":"https:\/\/ebikespareparts.fi\/#website"},"primaryImageOfPage":{"@id":"https:\/\/ebikespareparts.fi\/tuote\/plb00536-bosch-gen-2-vasemman-kammen-akselilla-olevan-laakerin-suojasarja\/#primaryimage"},"image":{"@id":"https:\/\/ebikespareparts.fi\/tuote\/plb00536-bosch-gen-2-vasemman-kammen-akselilla-olevan-laakerin-suojasarja\/#primaryimage"},"thumbnailUrl":"https:\/\/ebikespareparts.fi\/wp-content\/uploads\/2025\/03\/94eym8Ry45XmDN3atg9B1iFVm3NIgNEVICBPz8GAGdsLgbRE87.jpg","datePublished":"2023-10-03T12:18:24+00:00","dateModified":"2026-03-10T13:27:38+00:00","breadcrumb":{"@id":"https:\/\/ebikespareparts.fi\/tuote\/plb00536-bosch-gen-2-vasemman-kammen-akselilla-olevan-laakerin-suojasarja\/#breadcrumb"},"inLanguage":"en-GB","potentialAction":[{"@type":"ReadAction","target":["https:\/\/ebikespareparts.fi\/tuote\/plb00536-bosch-gen-2-vasemman-kammen-akselilla-olevan-laakerin-suojasarja\/"]}]},{"@type":"ImageObject","inLanguage":"en-GB","@id":"https:\/\/ebikespareparts.fi\/tuote\/plb00536-bosch-gen-2-vasemman-kammen-akselilla-olevan-laakerin-suojasarja\/#primaryimage","url":"https:\/\/ebikespareparts.fi\/wp-content\/uploads\/2025\/03\/94eym8Ry45XmDN3atg9B1iFVm3NIgNEVICBPz8GAGdsLgbRE87.jpg","contentUrl":"https:\/\/ebikespareparts.fi\/wp-content\/uploads\/2025\/03\/94eym8Ry45XmDN3atg9B1iFVm3NIgNEVICBPz8GAGdsLgbRE87.jpg","width":1000,"height":666,"caption":"94eym8Ry45XmDN3atg9B1iFVm3NIgNEVICBPz8GAGdsLgbRE87"},{"@type":"BreadcrumbList","@id":"https:\/\/ebikespareparts.fi\/tuote\/plb00536-bosch-gen-2-vasemman-kammen-akselilla-olevan-laakerin-suojasarja\/#breadcrumb","itemListElement":[{"@type":"ListItem","position":1,"name":"Etusivu","item":"https:\/\/ebikespareparts.fi\/"},{"@type":"ListItem","position":2,"name":"Kauppa","item":"https:\/\/ebikespareparts.fi\/kauppa\/"},{"@type":"ListItem","position":3,"name":"PLB00536 Bosch Gen 2 Vasemman kammen akselilla olevan laakerin suojasarja."}]},{"@type":"WebSite","@id":"https:\/\/ebikespareparts.fi\/#website","url":"https:\/\/ebikespareparts.fi\/","name":"Ebikespareparts.fi","description":"S\u00e4hk\u00f6py\u00f6r\u00e4n osat - E-bike osat - Huolto","publisher":{"@id":"https:\/\/ebikespareparts.fi\/#organization"},"potentialAction":[{"@type":"SearchAction","target":{"@type":"EntryPoint","urlTemplate":"https:\/\/ebikespareparts.fi\/?s={search_term_string}"},"query-input":{"@type":"PropertyValueSpecification","valueRequired":true,"valueName":"search_term_string"}}],"inLanguage":"en-GB"},{"@type":"Organization","@id":"https:\/\/ebikespareparts.fi\/#organization","name":"Ebikespareparts.fi","url":"https:\/\/ebikespareparts.fi\/","logo":{"@type":"ImageObject","inLanguage":"en-GB","@id":"https:\/\/ebikespareparts.fi\/#\/schema\/logo\/image\/","url":"https:\/\/ebikespareparts.fi\/wp-content\/uploads\/2024\/05\/logo-musta-tausta.jpg","contentUrl":"https:\/\/ebikespareparts.fi\/wp-content\/uploads\/2024\/05\/logo-musta-tausta.jpg","width":1013,"height":950,"caption":"Ebikespareparts.fi"},"image":{"@id":"https:\/\/ebikespareparts.fi\/#\/schema\/logo\/image\/"},"sameAs":["https:\/\/www.facebook.com\/smhj.fi"]}]}},"_links":{"self":[{"href":"https:\/\/ebikespareparts.fi\/en\/wp-json\/wp\/v2\/product\/399","targetHints":{"allow":["GET"]}}],"collection":[{"href":"https:\/\/ebikespareparts.fi\/en\/wp-json\/wp\/v2\/product"}],"about":[{"href":"https:\/\/ebikespareparts.fi\/en\/wp-json\/wp\/v2\/types\/product"}],"replies":[{"embeddable":true,"href":"https:\/\/ebikespareparts.fi\/en\/wp-json\/wp\/v2\/comments?post=399"}],"version-history":[{"count":1,"href":"https:\/\/ebikespareparts.fi\/en\/wp-json\/wp\/v2\/product\/399\/revisions"}],"predecessor-version":[{"id":49208,"href":"https:\/\/ebikespareparts.fi\/en\/wp-json\/wp\/v2\/product\/399\/revisions\/49208"}],"wp:featuredmedia":[{"embeddable":true,"href":"https:\/\/ebikespareparts.fi\/en\/wp-json\/wp\/v2\/media\/47488"}],"wp:attachment":[{"href":"https:\/\/ebikespareparts.fi\/en\/wp-json\/wp\/v2\/media?parent=399"}],"wp:term":[{"taxonomy":"product_brand","embeddable":true,"href":"https:\/\/ebikespareparts.fi\/en\/wp-json\/wp\/v2\/product_brand?post=399"},{"taxonomy":"product_cat","embeddable":true,"href":"https:\/\/ebikespareparts.fi\/en\/wp-json\/wp\/v2\/product_cat?post=399"},{"taxonomy":"product_tag","embeddable":true,"href":"https:\/\/ebikespareparts.fi\/en\/wp-json\/wp\/v2\/product_tag?post=399"}],"curies":[{"name":"wp","href":"https:\/\/api.w.org\/{rel}","templated":true}]}}