{"id":45703,"date":"2023-10-19T15:11:45","date_gmt":"2023-10-19T12:11:45","guid":{"rendered":"https:\/\/ebikespareparts.fi\/?page_id=45703"},"modified":"2023-11-15T10:21:07","modified_gmt":"2023-11-15T08:21:07","slug":"bosch-gen-1","status":"publish","type":"page","link":"https:\/\/ebikespareparts.fi\/sv\/laakerien-tunnistaminen\/bosch-gen-1\/","title":{"rendered":"Bosch Gen 1"},"content":{"rendered":"<div class=\"wp-block-group\"><div class=\"wp-block-group__inner-container is-layout-flow wp-block-group-is-layout-flow\">\n<div class=\"wp-block-columns is-layout-flex wp-container-core-columns-is-layout-28f84493 wp-block-columns-is-layout-flex\">\n<div class=\"wp-block-column is-layout-flow wp-block-column-is-layout-flow\">\n<h2 class=\"wp-block-heading\">Bosch Gen 1<\/h2>\n\n\n\n<p><strong>Generation 1<\/strong><br>Gen 1 Bosch \"Classic\" Line 50 Nm (2011 \u2013 2014) \u00e4r mestadels installerad p\u00e5 hybrid- och stadscyklar\nmen den har anv\u00e4nts i n\u00e5gra tidiga EMTB-modeller som Mustache och Haibike.<\/p>\n<\/div>\n\n\n\n<div class=\"wp-block-column is-layout-flow wp-block-column-is-layout-flow\">\n<figure class=\"wp-block-image size-full\"><img fetchpriority=\"high\" decoding=\"async\" width=\"1024\" height=\"682\" src=\"https:\/\/ebikespareparts.fi\/wp-content\/uploads\/2023\/10\/bosch-gen-1-kuva.png\" alt=\"\" class=\"wp-image-45691\" srcset=\"https:\/\/ebikespareparts.fi\/wp-content\/uploads\/2023\/10\/bosch-gen-1-kuva.png 1024w, https:\/\/ebikespareparts.fi\/wp-content\/uploads\/2023\/10\/bosch-gen-1-kuva-600x400.png 600w, https:\/\/ebikespareparts.fi\/wp-content\/uploads\/2023\/10\/bosch-gen-1-kuva-300x200.png 300w, https:\/\/ebikespareparts.fi\/wp-content\/uploads\/2023\/10\/bosch-gen-1-kuva-768x512.png 768w\" sizes=\"(max-width: 1024px) 100vw, 1024px\" \/><\/figure>\n<\/div>\n<\/div>\n\n\n\n<p><strong>Beh\u00f6ver Bosch Motor regelbundet underh\u00e5ll?<\/strong><br><br>Bosch-motorer \u00e4r inte konstruerade f\u00f6r service och b\u00f6r endast repareras vid behov fel. Motorerna \u00e4r t\u00e4tade och torra kan de k\u00f6ras mer \u00e4n 80 000 km utan problem.<\/p>\n\n\n\n<p>Min bosch-motor l\u00e5ter lite grov, ska jag forts\u00e4tta k\u00f6ra tills den g\u00f6r det sluta arbeta?<\/p>\n\n\n\n<p>Nej! Om du h\u00f6r din motor g\u00f6ra extra ljud n\u00e4r du k\u00f6r \u00e4r det redan f\u00f6r sent! Laurel \u00e4r skadade slits kulorna inuti lagret snabbt och n\u00e4r de slits slits de blir mindre och detta g\u00f6r att lagert\u00e4tningarna stiger fr\u00e5n det inre\/yttre h\u00e5let, vilket orsakar vatten eller smuts kommer direkt till motorn! Alla Ebike-motorer misslyckas p\u00e5 detta s\u00e4tt. Ignorera inte f\u00f6r\u00e4ndringar i ljudniv\u00e5n p\u00e5 din motor, eftersom det finns en gr\u00e4ns f\u00f6r vad som kan repareras.<\/p>\n\n\n\n<p>Varf\u00f6r g\u00e5r lagren s\u00f6nder, \u00e4r de av d\u00e5lig kvalitet?<br>Lagren som \u00e4r monterade p\u00e5 de flesta Bosh-motorer \u00e4r av mycket god kvalitet och v\u00e4l t\u00e4tade, men \u00e4ven om lagret \u00e4r klassat som \u201dt\u00e4tat\u201d \u00e4r det inte vattent\u00e4tt! De \u00e4r som b\u00e4st vatten- och dammbest\u00e4ndig. Detta g\u00e4ller f\u00f6r 99 % Ebike-motorer p\u00e5 marknaden.<\/p>\n\n\n\n<p><strong>Varf\u00f6r t\u00e4tar inte tillverkare Ebike-motorer fr\u00e5n vatten och fr\u00e5n smuts?<\/strong><strong>&nbsp;fr\u00e5n smuts?<\/strong><\/p>\n\n\n\n<p>Att t\u00e4ta motorn p\u00e5 designstadiet skulle vara mycket enkelt, men packningarna l\u00e4gger till drag och batterif\u00f6rbrukning. Det skulle vara d\u00e5ligt f\u00f6r tillverkaren att lansera en motor ur konkurrenssynpunkt, som uppn\u00e5r en 2 km kortare distans \u00e4n sina konkurrenter.<br><br><strong>Min motor knarrar, \u00e4r det n\u00e5got problem med lagren?<\/strong><br><strong>\u2022 Lager mullrar, slipar periodvis eller k\u00e4rvar. De knarrar vanligtvis inte.<\/strong><br><strong>Gn\u00e4llig orsakas vanligtvis av n\u00e5got av f\u00f6ljande:<\/strong><strong><br>\u2022 L\u00f6sa motorbultar. Detta g\u00f6r att motorramen i aluminium knarrar mot aluminiumramen.<\/strong><br><strong>\u2022 Sadelstolpen knarrar i ramen (de flesta ljud f\u00e4rdas l\u00e4ngs ramen och b\u00e4rs till motoromr\u00e5det).<\/strong><br><strong>\u2022 Veva loss<\/strong><\/p>\n\n\n\n<p><strong>\u2022 Om en ny h\u00e5llare och fr\u00e4mre kedjehjul har installerats, (Gen 3 och 4) kontrollera de fr\u00e4mre kedjehjulets bultar<\/strong><br><strong>\u2022 Pedalen l\u00e5ter<\/strong><br><strong>\u2022 Upph\u00e4ngningsleder l\u00e5ter<\/strong><br><strong>\u2022 Bakhjulsaxel l\u00f6s<\/strong><\/p>\n\n\n\n<p><strong>Kan jag f\u00e5 extra t\u00e4tning f\u00f6r min Gen 4-motor?<\/strong><\/p>\n\n\n\n<p>Det finns f\u00f6r n\u00e4rvarande inget extra skydd f\u00f6r Gen 4-motorn. men denna motor har redan en hel del installerade bra t\u00e4tningar som ny. De m\u00e5ste tas bort och sm\u00f6rjas om d\u00e5 och d\u00e5, vilket beror p\u00e5 k\u00f6rningen\nf\u00f6rh\u00e5llanden, dina st\u00e4dvanor, v\u00e4derf\u00f6rh\u00e5llanden osv.<\/p>\n\n\n\n<p>Kommer trimningen att skada eller slita delar av min Bosch-motor?<br>Vid underh\u00e5ll har det inte visat sig att anv\u00e4ndningen av begr\u00e4nsningsborttagningsanordningen har orsakat skador p\u00e5 motorn skada.<\/p>\n\n\n\n<p><strong>F\u00f6rutom vatten och damm, vad kan orsaka skada eller slitage p\u00e5 min motor?<\/strong><br>N\u00e5got h\u00f6gre slitage har tagits med i motorer som anv\u00e4nds vid l\u00e5ga varvtal med pedalhastighet och h\u00f6ga v\u00e4xlar, vilket g\u00f6r att motorn snurrar relativt l\u00e5ngsamt och f\u00f6rs\u00f6ker \u00f6ka mer kraft. Att trampa p\u00e5 en h\u00f6gre takt \u00e4r definitivt b\u00e4ttre och effektivare f\u00f6r motorn. Skador kan orsakas av pedalst\u00f6tar och kollisioner, men det \u00e4r allt!<br>Motorer \u00e4r vanligtvis mycket h\u00e5llbara om de tas om hand.<\/p>\n\n\n\n<p><strong>N\u00e4r ska jag ta in motorn f\u00f6r service?<\/strong><br>Bosch-motorer \u00e4r underh\u00e5llsfria och h\u00e5ller i tusentals kilometer torra h\u00f6lls.<br><br><strong>Kan jag f\u00e5 mer kraft fr\u00e5n motorn?<\/strong><br>F\u00f6r tillf\u00e4llet nej.<\/p>\n\n\n\n<p><strong>Kan jag byta ut motorn mot en nyare modell?<\/strong><br>I vissa fall skulle detta vara m\u00f6jligt, men inte s\u00e5 l\u00e4tt som det l\u00e5ter. Motorer kan variera mycket beroende p\u00e5 modell, storlek, vevtyp, monteringsbultens storlek och placering, plugg typ och plats etc. Dessa kan alla \u00e4ndras samt kompatibilitet med \u00e4ldre batterier och\nmed kontroller. Vanligtvis, i slut\u00e4ndan, \u00e4r det f\u00f6r n\u00e4rvarande billigare att k\u00f6pa en ny cykel och l\u00e4ttare.<\/p>\n<\/div><\/div>","protected":false},"excerpt":{"rendered":"<p>Bosch Gen 1 Generation 1Gen 1 Bosch \u201cClassic\u201d Line 50 Nm (2011 - 2014) \u00e4r fr\u00e4mst monterad p\u00e5 hybrid- och stadscyklar, men har anv\u00e4nts p\u00e5 vissa tidiga EMTB-modeller som Moustache och Haibike. Beh\u00f6ver min Bosch-motor regelbundet underh\u00e5ll? Bosch-motorer \u00e4r inte konstruerade f\u00f6r att servas och ska endast repareras om de blir felaktiga. Motorerna \u00e4r f\u00f6rseglade och <a href=\"https:\/\/ebikespareparts.fi\/sv\/laakerien-tunnistaminen\/bosch-gen-1\/\" class=\"more-link\">\u2026 <span class=\"screen-reader-text\">  Bosch Gen 1<\/span><\/a><\/p>","protected":false},"author":1,"featured_media":0,"parent":45721,"menu_order":0,"comment_status":"closed","ping_status":"closed","template":"","meta":{"_acf_changed":false,"footnotes":""},"class_list":["post-45703","page","type-page","status-publish","hentry"],"acf":[],"yoast_head":"<!-- This site is optimized with the Yoast SEO plugin v27.5 - https:\/\/yoast.com\/product\/yoast-seo-wordpress\/ -->\n<title>Bosch Gen 1 - Ebikespareparts.fi<\/title>\n<meta name=\"robots\" content=\"index, follow, max-snippet:-1, max-image-preview:large, max-video-preview:-1\" \/>\n<link rel=\"canonical\" href=\"https:\/\/ebikespareparts.fi\/sv\/laakerien-tunnistaminen\/bosch-gen-1\/\" \/>\n<meta property=\"og:locale\" content=\"sv_SE\" \/>\n<meta property=\"og:type\" content=\"article\" \/>\n<meta property=\"og:title\" content=\"Bosch Gen 1 - Ebikespareparts.fi\" \/>\n<meta property=\"og:description\" content=\"Bosch Gen 1 Generation 1Gen 1 Bosch \u201cClassic\u201d Line 50 Nm (2011 \u2013 2014) on enimm\u00e4kseen asennettu hybridi ja kaupunkipy\u00f6riin, mutta sit\u00e4 on k\u00e4ytetty muutamissa varhaisissa EMTB malleissa kuten Moustache ja Haibike. Tarvitseeko Bosch Moottori s\u00e4\u00e4nn\u00f6llist\u00e4 huoltoa? Bosch-moottoreita ei ole suunniteltu huollettavaksi, ja ne tulee korjata vain, jos siihen tulee vikaa. Moottorit on sinet\u00f6ity ja \u2026  Bosch Gen 1\" \/>\n<meta property=\"og:url\" content=\"https:\/\/ebikespareparts.fi\/sv\/laakerien-tunnistaminen\/bosch-gen-1\/\" \/>\n<meta property=\"og:site_name\" content=\"Ebikespareparts.fi\" \/>\n<meta property=\"article:publisher\" content=\"https:\/\/www.facebook.com\/smhj.fi\" \/>\n<meta property=\"article:modified_time\" content=\"2023-11-15T08:21:07+00:00\" \/>\n<meta property=\"og:image\" content=\"https:\/\/smhjfi-wp23116.test.cchosting.fi\/wp-content\/uploads\/2023\/10\/bosch-gen-1-kuva.png\" \/>\n<meta name=\"twitter:card\" content=\"summary_large_image\" \/>\n<meta name=\"twitter:label1\" content=\"Ber\u00e4knad l\u00e4stid\" \/>\n\t<meta name=\"twitter:data1\" content=\"4 minuter\" \/>\n<script type=\"application\/ld+json\" class=\"yoast-schema-graph\">{\"@context\":\"https:\\\/\\\/schema.org\",\"@graph\":[{\"@type\":\"WebPage\",\"@id\":\"https:\\\/\\\/ebikespareparts.fi\\\/laakerien-tunnistaminen\\\/bosch-gen-1\\\/\",\"url\":\"https:\\\/\\\/ebikespareparts.fi\\\/laakerien-tunnistaminen\\\/bosch-gen-1\\\/\",\"name\":\"Bosch Gen 1 - Ebikespareparts.fi\",\"isPartOf\":{\"@id\":\"https:\\\/\\\/ebikespareparts.fi\\\/#website\"},\"primaryImageOfPage\":{\"@id\":\"https:\\\/\\\/ebikespareparts.fi\\\/laakerien-tunnistaminen\\\/bosch-gen-1\\\/#primaryimage\"},\"image\":{\"@id\":\"https:\\\/\\\/ebikespareparts.fi\\\/laakerien-tunnistaminen\\\/bosch-gen-1\\\/#primaryimage\"},\"thumbnailUrl\":\"https:\\\/\\\/ebikespareparts.fi\\\/wp-content\\\/uploads\\\/2023\\\/10\\\/bosch-gen-1-kuva.png\",\"datePublished\":\"2023-10-19T12:11:45+00:00\",\"dateModified\":\"2023-11-15T08:21:07+00:00\",\"breadcrumb\":{\"@id\":\"https:\\\/\\\/ebikespareparts.fi\\\/laakerien-tunnistaminen\\\/bosch-gen-1\\\/#breadcrumb\"},\"inLanguage\":\"sv-SE\",\"potentialAction\":[{\"@type\":\"ReadAction\",\"target\":[\"https:\\\/\\\/ebikespareparts.fi\\\/laakerien-tunnistaminen\\\/bosch-gen-1\\\/\"]}]},{\"@type\":\"ImageObject\",\"inLanguage\":\"sv-SE\",\"@id\":\"https:\\\/\\\/ebikespareparts.fi\\\/laakerien-tunnistaminen\\\/bosch-gen-1\\\/#primaryimage\",\"url\":\"https:\\\/\\\/ebikespareparts.fi\\\/wp-content\\\/uploads\\\/2023\\\/10\\\/bosch-gen-1-kuva.png\",\"contentUrl\":\"https:\\\/\\\/ebikespareparts.fi\\\/wp-content\\\/uploads\\\/2023\\\/10\\\/bosch-gen-1-kuva.png\"},{\"@type\":\"BreadcrumbList\",\"@id\":\"https:\\\/\\\/ebikespareparts.fi\\\/laakerien-tunnistaminen\\\/bosch-gen-1\\\/#breadcrumb\",\"itemListElement\":[{\"@type\":\"ListItem\",\"position\":1,\"name\":\"Etusivu\",\"item\":\"https:\\\/\\\/ebikespareparts.fi\\\/\"},{\"@type\":\"ListItem\",\"position\":2,\"name\":\"Laakerien tunnistaminen\",\"item\":\"https:\\\/\\\/ebikespareparts.fi\\\/laakerien-tunnistaminen\\\/\"},{\"@type\":\"ListItem\",\"position\":3,\"name\":\"Bosch Gen 1\"}]},{\"@type\":\"WebSite\",\"@id\":\"https:\\\/\\\/ebikespareparts.fi\\\/#website\",\"url\":\"https:\\\/\\\/ebikespareparts.fi\\\/\",\"name\":\"Ebikespareparts.fi\",\"description\":\"S\u00e4hk\u00f6py\u00f6r\u00e4n osat - E-bike osat - Huolto\",\"publisher\":{\"@id\":\"https:\\\/\\\/ebikespareparts.fi\\\/#organization\"},\"potentialAction\":[{\"@type\":\"SearchAction\",\"target\":{\"@type\":\"EntryPoint\",\"urlTemplate\":\"https:\\\/\\\/ebikespareparts.fi\\\/?s={search_term_string}\"},\"query-input\":{\"@type\":\"PropertyValueSpecification\",\"valueRequired\":true,\"valueName\":\"search_term_string\"}}],\"inLanguage\":\"sv-SE\"},{\"@type\":\"Organization\",\"@id\":\"https:\\\/\\\/ebikespareparts.fi\\\/#organization\",\"name\":\"Ebikespareparts.fi\",\"url\":\"https:\\\/\\\/ebikespareparts.fi\\\/\",\"logo\":{\"@type\":\"ImageObject\",\"inLanguage\":\"sv-SE\",\"@id\":\"https:\\\/\\\/ebikespareparts.fi\\\/#\\\/schema\\\/logo\\\/image\\\/\",\"url\":\"https:\\\/\\\/ebikespareparts.fi\\\/wp-content\\\/uploads\\\/2024\\\/05\\\/logo-musta-tausta.jpg\",\"contentUrl\":\"https:\\\/\\\/ebikespareparts.fi\\\/wp-content\\\/uploads\\\/2024\\\/05\\\/logo-musta-tausta.jpg\",\"width\":1013,\"height\":950,\"caption\":\"Ebikespareparts.fi\"},\"image\":{\"@id\":\"https:\\\/\\\/ebikespareparts.fi\\\/#\\\/schema\\\/logo\\\/image\\\/\"},\"sameAs\":[\"https:\\\/\\\/www.facebook.com\\\/smhj.fi\"]}]}<\/script>\n<!-- \/ Yoast SEO plugin. -->","yoast_head_json":{"title":"Bosch Gen 1 - Ebikespareparts.fi","robots":{"index":"index","follow":"follow","max-snippet":"max-snippet:-1","max-image-preview":"max-image-preview:large","max-video-preview":"max-video-preview:-1"},"canonical":"https:\/\/ebikespareparts.fi\/sv\/laakerien-tunnistaminen\/bosch-gen-1\/","og_locale":"sv_SE","og_type":"article","og_title":"Bosch Gen 1 - Ebikespareparts.fi","og_description":"Bosch Gen 1 Generation 1Gen 1 Bosch \u201cClassic\u201d Line 50 Nm (2011 \u2013 2014) on enimm\u00e4kseen asennettu hybridi ja kaupunkipy\u00f6riin, mutta sit\u00e4 on k\u00e4ytetty muutamissa varhaisissa EMTB malleissa kuten Moustache ja Haibike. Tarvitseeko Bosch Moottori s\u00e4\u00e4nn\u00f6llist\u00e4 huoltoa? Bosch-moottoreita ei ole suunniteltu huollettavaksi, ja ne tulee korjata vain, jos siihen tulee vikaa. Moottorit on sinet\u00f6ity ja \u2026  Bosch Gen 1","og_url":"https:\/\/ebikespareparts.fi\/sv\/laakerien-tunnistaminen\/bosch-gen-1\/","og_site_name":"Ebikespareparts.fi","article_publisher":"https:\/\/www.facebook.com\/smhj.fi","article_modified_time":"2023-11-15T08:21:07+00:00","og_image":[{"url":"https:\/\/smhjfi-wp23116.test.cchosting.fi\/wp-content\/uploads\/2023\/10\/bosch-gen-1-kuva.png","type":"","width":"","height":""}],"twitter_card":"summary_large_image","twitter_misc":{"Ber\u00e4knad l\u00e4stid":"4 minuter"},"schema":{"@context":"https:\/\/schema.org","@graph":[{"@type":"WebPage","@id":"https:\/\/ebikespareparts.fi\/laakerien-tunnistaminen\/bosch-gen-1\/","url":"https:\/\/ebikespareparts.fi\/laakerien-tunnistaminen\/bosch-gen-1\/","name":"Bosch Gen 1 - Ebikespareparts.fi","isPartOf":{"@id":"https:\/\/ebikespareparts.fi\/#website"},"primaryImageOfPage":{"@id":"https:\/\/ebikespareparts.fi\/laakerien-tunnistaminen\/bosch-gen-1\/#primaryimage"},"image":{"@id":"https:\/\/ebikespareparts.fi\/laakerien-tunnistaminen\/bosch-gen-1\/#primaryimage"},"thumbnailUrl":"https:\/\/ebikespareparts.fi\/wp-content\/uploads\/2023\/10\/bosch-gen-1-kuva.png","datePublished":"2023-10-19T12:11:45+00:00","dateModified":"2023-11-15T08:21:07+00:00","breadcrumb":{"@id":"https:\/\/ebikespareparts.fi\/laakerien-tunnistaminen\/bosch-gen-1\/#breadcrumb"},"inLanguage":"sv-SE","potentialAction":[{"@type":"ReadAction","target":["https:\/\/ebikespareparts.fi\/laakerien-tunnistaminen\/bosch-gen-1\/"]}]},{"@type":"ImageObject","inLanguage":"sv-SE","@id":"https:\/\/ebikespareparts.fi\/laakerien-tunnistaminen\/bosch-gen-1\/#primaryimage","url":"https:\/\/ebikespareparts.fi\/wp-content\/uploads\/2023\/10\/bosch-gen-1-kuva.png","contentUrl":"https:\/\/ebikespareparts.fi\/wp-content\/uploads\/2023\/10\/bosch-gen-1-kuva.png"},{"@type":"BreadcrumbList","@id":"https:\/\/ebikespareparts.fi\/laakerien-tunnistaminen\/bosch-gen-1\/#breadcrumb","itemListElement":[{"@type":"ListItem","position":1,"name":"Etusivu","item":"https:\/\/ebikespareparts.fi\/"},{"@type":"ListItem","position":2,"name":"Laakerien tunnistaminen","item":"https:\/\/ebikespareparts.fi\/laakerien-tunnistaminen\/"},{"@type":"ListItem","position":3,"name":"Bosch Gen 1"}]},{"@type":"WebSite","@id":"https:\/\/ebikespareparts.fi\/#website","url":"https:\/\/ebikespareparts.fi\/","name":"Ebikespareparts.fi","description":"S\u00e4hk\u00f6py\u00f6r\u00e4n osat - E-bike osat - Huolto","publisher":{"@id":"https:\/\/ebikespareparts.fi\/#organization"},"potentialAction":[{"@type":"SearchAction","target":{"@type":"EntryPoint","urlTemplate":"https:\/\/ebikespareparts.fi\/?s={search_term_string}"},"query-input":{"@type":"PropertyValueSpecification","valueRequired":true,"valueName":"search_term_string"}}],"inLanguage":"sv-SE"},{"@type":"Organization","@id":"https:\/\/ebikespareparts.fi\/#organization","name":"Ebikespareparts.fi","url":"https:\/\/ebikespareparts.fi\/","logo":{"@type":"ImageObject","inLanguage":"sv-SE","@id":"https:\/\/ebikespareparts.fi\/#\/schema\/logo\/image\/","url":"https:\/\/ebikespareparts.fi\/wp-content\/uploads\/2024\/05\/logo-musta-tausta.jpg","contentUrl":"https:\/\/ebikespareparts.fi\/wp-content\/uploads\/2024\/05\/logo-musta-tausta.jpg","width":1013,"height":950,"caption":"Ebikespareparts.fi"},"image":{"@id":"https:\/\/ebikespareparts.fi\/#\/schema\/logo\/image\/"},"sameAs":["https:\/\/www.facebook.com\/smhj.fi"]}]}},"_links":{"self":[{"href":"https:\/\/ebikespareparts.fi\/sv\/wp-json\/wp\/v2\/pages\/45703","targetHints":{"allow":["GET"]}}],"collection":[{"href":"https:\/\/ebikespareparts.fi\/sv\/wp-json\/wp\/v2\/pages"}],"about":[{"href":"https:\/\/ebikespareparts.fi\/sv\/wp-json\/wp\/v2\/types\/page"}],"author":[{"embeddable":true,"href":"https:\/\/ebikespareparts.fi\/sv\/wp-json\/wp\/v2\/users\/1"}],"replies":[{"embeddable":true,"href":"https:\/\/ebikespareparts.fi\/sv\/wp-json\/wp\/v2\/comments?post=45703"}],"version-history":[{"count":0,"href":"https:\/\/ebikespareparts.fi\/sv\/wp-json\/wp\/v2\/pages\/45703\/revisions"}],"up":[{"embeddable":true,"href":"https:\/\/ebikespareparts.fi\/sv\/wp-json\/wp\/v2\/pages\/45721"}],"wp:attachment":[{"href":"https:\/\/ebikespareparts.fi\/sv\/wp-json\/wp\/v2\/media?parent=45703"}],"curies":[{"name":"wp","href":"https:\/\/api.w.org\/{rel}","templated":true}]}}